{"id":41702,"date":"2026-04-13T08:07:25","date_gmt":"2026-04-13T06:07:25","guid":{"rendered":"https:\/\/stage.vastervikresort.se\/bo\/stugor-studiolagenheter-och-villavagnar\/abenteuer-unterkunft-taktaeltsbyn\/"},"modified":"2026-04-21T14:14:39","modified_gmt":"2026-04-21T12:14:39","slug":"abenteuer-unterkunft-taktaeltsbyn","status":"publish","type":"cabins","link":"https:\/\/vastervikresort.se\/de\/unterkunft\/ferienhaus-in-vastervik\/abenteuer-unterkunft-taktaeltsbyn\/","title":{"rendered":"Abenteuer Unterkunft &#8211; Takt\u00e4ltsbyn"},"content":{"rendered":"<div class=\"block-container block-acf-hero\"><div class=\"block is-acf-block acf-hero\"><div class=\"wp-block-acf-hero\">\t\t\t<div class=\"hero-design3\" style=\"background-image: url('\/wp-content\/uploads\/2026\/04\/Taktalt_hero-2380x800-c-center.webp');\">\n\t\t\t<div class=\"hero-design3__mobile-image\" style=\"background-image: url('\/wp-content\/uploads\/2026\/04\/Taktalt_hero-640x397-c-center.webp');\"><\/div>\n\t\t<\/div>\n\t\t\t\t<div class=\"container hero-design3__content_wrapper\">\n\t\t\t<div class=\"hero-design3__content\">\n\t\t\t\t\t\t\t\t\t<h1 class=\"hero-design3__title\">Abenteuer Unterkunft: Dachzelt<\/h1>\n\t\t\t\t\t\t\t\t\t\t\t\t\t<div class=\"hero-design3__text has-read-more\"><p class=\"p1\">\n<p><span style=\"font-weight: 400;\">Zelterlebnis auf dem Dach des \u00c4ventyrsberget mit Blick auf Bastuviken.  <\/span><\/p>\n<\/div>\n\t\t\t\t\t\t\t\t\t\t\t\t\t<div class=\"hero-design3__text-more\" hidden><p><span style=\"font-weight: 400;\">Erleben Sie die Natur zwischen Kiefern und Felsen in einer erh\u00f6hten Zeltunterkunft, die Abenteuerlust mit durchdachtem Komfort verbindet. Der ger\u00e4umige Schlafbereich, bequeme Matratzen und praktische Details wie Beleuchtung, Ladeger\u00e4te und eine K\u00fchlbox machen Ihren Aufenthalt einfach und bequem.   <\/span><span style=\"font-weight: 400;\">Sie k\u00f6nnen Ihren eigenen Schlafsack und Ihr eigenes Kopfkissen mitbringen oder ein Bett-Set mit Bettdecke und Kissen f\u00fcr zus\u00e4tzlichen Komfort mieten.  <\/span><span style=\"font-weight: 400;\">Au\u00dferhalb des Zeltes schafft eine sch\u00fctzende Plane einen nat\u00fcrlichen Treffpunkt f\u00fcr Mahlzeiten, Morgenkaffee und ruhige Abende in der Natur.<\/span><\/p>\n<p><span style=\"font-weight: 400;\">Bitte beachten Sie, dass dies ein Zelterlebnis ist und ein Teil des Charmes darin besteht, dass es mit dem Wetter lebt. Unsere Dachzelte sind von h\u00f6chster Qualit\u00e4t und so gebaut, dass sie sowohl sintflutartigen Regenf\u00e4llen als auch st\u00e4rkeren Winden standhalten. Dennoch empfehlen wir Ihnen, einen Hut und Unterw\u00e4sche f\u00fcr k\u00fchlere Abende einzupacken. Am Morgen kann sich an der Innenseite des Dachzeltes Kondenswasser bilden.  <\/span><\/p>\n<\/div>\n\t\t\t\t\t<button class=\"hero-design3__read-more-toggle\" aria-expanded=\"false\">\n\t\t\t\t\t\t<span class=\"hero-design3__read-more-label\">Weiterlesen<\/span>\n\t\t\t\t\t\t<svg class=\"hero-design3__read-more-icon\" width=\"9\" height=\"5\" viewBox=\"0 0 9 5\" fill=\"none\" xmlns=\"http:\/\/www.w3.org\/2000\/svg\"><path d=\"M4.96205 4.82422C4.82812 4.94141 4.67411 5 4.5 5C4.32589 5 4.17188 4.94141 4.03795 4.82422L0.180804 1.07422C0.0602679 0.94401 0 0.794271 0 0.625C0 0.455729 0.0602679 0.30599 0.180804 0.175781C0.314732 0.0585938 0.46875 0 0.642857 0C0.816964 0 0.970982 0.0585938 1.10491 0.175781L4.5 3.49609L7.89509 0.175781C8.02902 0.0585938 8.18304 0 8.35714 0C8.53125 0 8.68527 0.0585938 8.8192 0.175781C8.93973 0.30599 9 0.455729 9 0.625C9 0.794271 8.93973 0.94401 8.8192 1.07422L4.96205 4.82422Z\" fill=\"#0872CB\"\/><\/svg>\n\t\t\t\t\t<\/button>\n\t\t\t\t\t\t\t\t\t\t\t\t\t<ul class=\"hero-design3__cabin-icons cabin-icon-list d-flex flex-wrap\">\n\t\t\t\t\t\t\t\t\t\t\t\t\t<li class=\"cabin-icon-list__item d-flex align-items-center\">\n\t\t\t\t\t\t\t\t\t\t\t\t\t\t\t\t\t<span class=\"material-symbols-outlined cabin-icon-list__icon\">\n\t\t\t\t\t\t\t\t\t\tactivity_zone\n\t\t\t\t\t\t\t\t\t<\/span>\n\t\t\t\t\t\t\t\t\t\t\t\t\t\t\t\t230 x 200 cm\n\t\t\t\t\t\t\t<\/li>\n\t\t\t\t\t\t\t\t\t\t\t\t\t<li class=\"cabin-icon-list__item d-flex align-items-center\">\n\t\t\t\t\t\t\t\t\t\t\t\t\t\t\t\t\t<span class=\"material-symbols-outlined cabin-icon-list__icon\">\n\t\t\t\t\t\t\t\t\t\tfamily_restroom\n\t\t\t\t\t\t\t\t\t<\/span>\n\t\t\t\t\t\t\t\t\t\t\t\t\t\t\t\t2 Erwachsene + 2 Kinder\n\t\t\t\t\t\t\t<\/li>\n\t\t\t\t\t\t\t\t\t\t\t\t\t<li class=\"cabin-icon-list__item d-flex align-items-center\">\n\t\t\t\t\t\t\t\t\t\t\t\t\t\t\t\t\t<span class=\"material-symbols-outlined cabin-icon-list__icon\">\n\t\t\t\t\t\t\t\t\t\tgroup\n\t\t\t\t\t\t\t\t\t<\/span>\n\t\t\t\t\t\t\t\t\t\t\t\t\t\t\t\t3 Erwachsene\n\t\t\t\t\t\t\t<\/li>\n\t\t\t\t\t\t\t\t\t\t\t\t\t<li class=\"cabin-icon-list__item d-flex align-items-center\">\n\t\t\t\t\t\t\t\t\t\t\t\t\t\t\t\t\t<span class=\"material-symbols-outlined cabin-icon-list__icon\">\n\t\t\t\t\t\t\t\t\t\tcancel\n\t\t\t\t\t\t\t\t\t<\/span>\n\t\t\t\t\t\t\t\t\t\t\t\t\t\t\t\tHaustiere sind nicht erlaubt\n\t\t\t\t\t\t\t<\/li>\n\t\t\t\t\t\t\t\t\t\t\t<\/ul>\n\t\t\t\t\t\t\t\t\t\t\t\t\t<div class=\"hero-design3__price\">Ab 995:-\/Nacht<\/div>\n\t\t\t\t\t\t\t\t\t\t\t\t<div class=\"wp-block-buttons\">\n\t\t\t\t\t\t\t\t\t\t<div class=\"wp-block-button is-style-fill\">\n\t\t\t\t\t\t<a href=\"#boka\" target=\"\" class=\"wp-block-button__link wp-element-button\">Jetzt Buchen<\/a>\n\t\t\t\t\t<\/div>\n\t\t\t\t\t\t\t\t\t\t\t\t\t\t\t<div class=\"wp-block-button is-style-outline\">\n\t\t\t\t\t\t<a href=\"#omradeskarta\" target=\"\" class=\"wp-block-button__link wp-element-button\">Siehe Gebietskarte<\/a>\n\t\t\t\t\t<\/div>\n\t\t\t\t\t\t\t\t\t<\/div>\n\t\t\t\t\t\t\t<\/div>\n\t\t<\/div>\n\t\t\t\n<\/div><\/div><\/div>\n\n<div class=\"block-container block-acf-cabininfo\"><div class=\"block is-acf-block acf-cabininfo\"><div class=\"wp-block-acf-cabininfo\"><div class=\"row\">\n\t<div class=\"col-12 col-md-8 order-2 order-md-1\">\n\t\t<div class=\"acf-innerblocks-container\">\n<div class=\"block-container block-core-heading\"><div class=\"block is-wp-block core-heading\">\n<h2 class=\"wp-block-heading\">Willkommen in unserem neuen Zelt auf dem Dach des \u00c4ventyrsberget!<\/h2>\n<\/div><\/div>\n\n<div class=\"block-container block-core-paragraph\"><div class=\"block is-wp-block core-paragraph\">\n<p class=\"wp-block-paragraph\">Willkommen in unserem neuen Dachzelterlebnis in \u00c4ventyrsberget, einer Abenteuerunterkunft f\u00fcr alle, die der Natur ganz nah sein wollen, ohne auf Komfort zu verzichten. Hier wohnen Sie hoch oben \u00fcber Bastuviken, umgeben von Kiefernw\u00e4ldern, Klippen und der Ruhe, die nur die Natur bieten kann.<\/p>\n<\/div><\/div>\n\n<div class=\"block-container block-core-paragraph\"><div class=\"block is-wp-block core-paragraph\">\n<p class=\"wp-block-paragraph\">Das Abenteuerdorf besteht aus f\u00fcnf festen Dachzelten, die sorgf\u00e4ltig auf dem Berg platziert wurden, etwa 100 Meter Fu\u00dfweg vom Servicehaus entfernt. Die Lage ist sowohl abgelegen als auch zug\u00e4nglich, nah genug f\u00fcr die Bequemlichkeit, weit genug entfernt, um das Gef\u00fchl zu vermitteln, mitten in der Natur zu sein.<\/p>\n<\/div><\/div>\n\n<div class=\"block-container block-core-paragraph\"><div class=\"block is-wp-block core-paragraph\">\n<p class=\"wp-block-paragraph\">Die Zelte bieten Platz f\u00fcr bis zu 2 Erwachsene und 2 Kinder oder 3 Erwachsene. Im Inneren erwartet Sie ein gro\u00dfz\u00fcgiger 220 x 200 cm gro\u00dfer Schlafbereich und eine 92 cm hohe Decke, die ein luftiges und ger\u00e4umiges Gef\u00fchl vermittelt. Die LED-Beleuchtung sorgt f\u00fcr die richtige Stimmung am Abend und Sie k\u00f6nnen Ihr Mobiltelefon direkt im Zelt aufladen. Unter dem Zelt gibt es praktischen Stauraum f\u00fcr Taschen und eine K\u00fchlbox f\u00fcr Lebensmittel und Getr\u00e4nke.<\/p>\n<\/div><\/div>\n\n<div class=\"block-container block-core-paragraph\"><div class=\"block is-wp-block core-paragraph\">\n<p class=\"wp-block-paragraph\">Vor dem Eingang breitet sich eine gro\u00dfe Plane aus und schafft einen gesch\u00fctzten und gem\u00fctlichen H\u00e4ngebereich mit Tisch und St\u00fchlen, perfekt f\u00fcr den Morgenkaffee in der Sonne oder als Schutz w\u00e4hrend eines leisen Sommerregens. In der N\u00e4he der Zelte gibt es Grillpl\u00e4tze, wo Sie die Abende mit etwas Leckerem \u00fcber der Glut ausklingen lassen k\u00f6nnen, w\u00e4hrend die Sonne \u00fcber Bastuviken untergeht.<\/p>\n<\/div><\/div>\n\n<div class=\"block-container block-core-paragraph\"><div class=\"block is-wp-block core-paragraph\">\n<p class=\"wp-block-paragraph\">Die Saison geht von Juni bis September. Sie k\u00f6nnen Ihren eigenen Schlafsack und Ihr eigenes Kissen mitbringen oder f\u00fcr zus\u00e4tzlichen Komfort ein Bett-Set mit Bettdecke und Kissen mieten. <\/p>\n<\/div><\/div>\n\n<div class=\"block-container block-core-paragraph\"><div class=\"block is-wp-block core-paragraph\">\n<p class=\"wp-block-paragraph\">Dies ist ein Zelterlebnis, und ein Teil des Charmes ist, dass es mit dem Wetter lebt. Unsere Dachzelte sind von h\u00f6chster Qualit\u00e4t und so gebaut, dass sie sowohl sintflutartigen Regenf\u00e4llen als auch st\u00e4rkeren Winden standhalten. Dennoch empfehlen wir Ihnen, einen Hut und Unterw\u00e4sche f\u00fcr k\u00fchlere Abende einzupacken.<\/p>\n<\/div><\/div>\n\n<div class=\"block-container block-core-paragraph\"><div class=\"block is-wp-block core-paragraph\">\n<p class=\"wp-block-paragraph\">Hier wachen Sie mit der Natur um sich herum auf, dem Wind in den Baumwipfeln und der glitzernden Bucht unter Ihnen. Ein echtes Abenteuer. <\/p>\n<\/div><\/div>\n\n<div class=\"block-container block-core-heading\"><div class=\"block is-wp-block core-heading\">\n<h2 class=\"wp-block-heading\" style=\"font-size:1.75rem\">Schnelle Fakten:<\/h2>\n<\/div><\/div>\n\n<div class=\"block-container block-core-paragraph\"><div class=\"block is-wp-block core-paragraph\">\n<p class=\"wp-block-paragraph\"><strong>Abmessungen:<\/strong> 230 x 200 cm (gro\u00dfe Matratze 220 x 200 cm)<br><strong>H\u00f6he der Decke:<\/strong> 115 cm<br><strong>Anzahl der Personen:<\/strong> 2 Erwachsene + 2 Kinder, oder 3 Erwachsene.<\/p>\n<\/div><\/div>\n\n<div class=\"block-container block-core-paragraph\"><div class=\"block is-wp-block core-paragraph\">\n<p class=\"wp-block-paragraph\">Anbieter: Gasell Adventure &#8211; Link\u00f6ping<\/p>\n<\/div><\/div>\n\n<div class=\"block-container block-core-heading\"><div class=\"block is-wp-block core-heading\">\n<h2 class=\"wp-block-heading\" style=\"font-size:1.75rem\">Annehmlichkeiten<\/h2>\n<\/div><\/div>\n\n<div class=\"block-container block-core-paragraph\"><div class=\"block is-wp-block core-paragraph\">\n<p class=\"wp-block-paragraph\">&#8211; LED-Beleuchtung im Zelt<br>&#8211; Ladepanel zum Aufladen von Mobiltelefonen, 2x USB-A, 1x USB-C<br>&#8211; Abschlie\u00dfbares Taschenlager<br>&#8211; K\u00fchlbox<br>&#8211; N\u00e4he zum Grillplatz<br>&#8211; 100 m zum Servicegeb\u00e4ude mit WC, Dusche, K\u00fcche<\/p>\n<\/div><\/div>\n\n<div class=\"block-container block-core-heading\"><div class=\"block is-wp-block core-heading\">\n<h2 class=\"wp-block-heading\" style=\"font-size:1.75rem\">Andere Informationen<\/h2>\n<\/div><\/div>\n\n<div class=\"block-container block-core-paragraph\"><div class=\"block is-wp-block core-paragraph\">\n<p class=\"wp-block-paragraph\">&#8211; Rauchen ist verboten.<br>&#8211; Bringen Sie Ihren eigenen Schlafsack und Ihr eigenes Kissen mit, oder mieten Sie ein Bett-Set mit Bettdecke und Kissen, wenn Sie es sich besonders gem\u00fctlich machen wollen.<br>&#8211; Wir empfehlen, einen Hut und Unterw\u00e4sche f\u00fcr k\u00fchle Abende einzupacken.<\/p>\n<\/div><\/div>\n<\/div>\n\t<\/div>\n\t<div class=\"col-12 col-md-4 order-1 order-md-2\">\n\t\t<div class=\"acf-cabininfo__sidebar\">\n\t\t\t\t\t\t\t<div class=\"acf-cabininfo__section\">\n\t\t\t\t\t<div class=\"acf-cabininfo__title\">\n\t\t\t\t\t\tInformation\n\t\t\t\t\t<\/div>\n\t\t\t\t\t\t\t\t\t\t\t<ul class=\"acf-cabininfo__info-list cabin-icon-list d-flex d-md-block d-lg-flex flex-wrap\">\n\t\t\t\t\t\t\t\t\t\t\t\t\t\t\t<li class=\"acf-cabininfo__info-item cabin-icon-list__item d-flex align-items-center\">\n\t\t\t\t\t\t\t\t\t\t\t\t\t\t\t\t\t\t\t<span class=\"material-symbols-outlined cabin-icon-list__icon\">\n\t\t\t\t\t\t\t\t\t\t\tcheck\n\t\t\t\t\t\t\t\t\t\t<\/span>\n\t\t\t\t\t\t\t\t\t\t\t\t\t\t\t\t\t\t100 Meter zu Dienstleistungen\n\t\t\t\t\t\t\t\t<\/li>\n\t\t\t\t\t\t\t\t\t\t\t\t\t<\/ul>\n\t\t\t\t\t\t\t\t\t\t\t\t\t\t\t\t<div class=\"wp-block-button is-style-fill\">\n\t\t\t\t\t\t\t<a href=\"https:\/\/vastervikresort.se\/de\/buchung?compubookProfileId=382\" target=\"_blank\" class=\"wp-block-button__link has-black-color has-secondary-background-color has-text-color has-background has-link-color wp-element-button\">\n\t\t\t\t\t\t\t\tJetzt buchen\n\t\t\t\t\t\t\t<\/a>\n\t\t\t\t\t\t<\/div>\n\t\t\t\t\t\t\t\t\t<\/div>\n\t\t\t\t\t<\/div>\n\t<\/div>\n<\/div>\n<\/div><\/div><\/div>\n\n<div class=\"block-container block-acf-imageslider\"><div class=\"block is-acf-block acf-imageslider\"><div class=\"wp-block-acf-imageslider\">\t\t<div class=\"acf-imageslider__wrapper\">\n\t\t\t\t\t<div class=\"acf-imageslider__image\">\n\t\t\t\t<picture><source media=\"(min-width: 768px)\" srcset=\"\/wp-content\/uploads\/2026\/04\/Taktalt_2-0x360-c-center.webp 1x, \/wp-content\/uploads\/2026\/04\/Taktalt_2-0x720-c-center.webp 2x\" type=\"image\/webp\"><source media=\"(min-width: 0px)\" srcset=\"\/wp-content\/uploads\/2026\/04\/Taktalt_2-0x200-c-center.webp 1x, \/wp-content\/uploads\/2026\/04\/Taktalt_2-0x400-c-center.webp 2x\" type=\"image\/webp\"><img srcset=\"\/wp-content\/uploads\/2026\/04\/Taktalt_2-0x360-c-center.webp\" class=\"\" alt=\"\"><\/picture>\n\t\t\t<\/div>\n\t\t\t\t\t<div class=\"acf-imageslider__image\">\n\t\t\t\t<picture><source media=\"(min-width: 768px)\" srcset=\"\/wp-content\/uploads\/2026\/04\/Taktalt_3-0x360-c-center.webp 1x, \/wp-content\/uploads\/2026\/04\/Taktalt_3-0x720-c-center.webp 2x\" type=\"image\/webp\"><source media=\"(min-width: 0px)\" srcset=\"\/wp-content\/uploads\/2026\/04\/Taktalt_3-0x200-c-center.webp 1x, \/wp-content\/uploads\/2026\/04\/Taktalt_3-0x400-c-center.webp 2x\" type=\"image\/webp\"><img srcset=\"\/wp-content\/uploads\/2026\/04\/Taktalt_3-0x360-c-center.webp\" class=\"\" alt=\"\"><\/picture>\n\t\t\t<\/div>\n\t\t\t\t\t<div class=\"acf-imageslider__image\">\n\t\t\t\t<picture><source media=\"(min-width: 768px)\" srcset=\"\/wp-content\/uploads\/2026\/04\/Taktalt_1-0x360-c-center.webp 1x\" type=\"image\/webp\"><source media=\"(min-width: 0px)\" srcset=\"\/wp-content\/uploads\/2026\/04\/Taktalt_1-0x200-c-center.webp 1x, \/wp-content\/uploads\/2026\/04\/Taktalt_1-0x400-c-center.webp 2x\" type=\"image\/webp\"><img srcset=\"\/wp-content\/uploads\/2026\/04\/Taktalt_1-0x360-c-center.webp\" class=\"\" alt=\"\"><\/picture>\n\t\t\t<\/div>\n\t\t\t<\/div>\n\t<div class=\"slide-counter d-flex justify-content-end\">\n\t\t<span class=\"current-slide\">1<\/span> \/ 3\n\t<\/div>\n\t\n<\/div><\/div><\/div>\n\n<div class=\"block-container block-core-group alignfull has-background\"><div class=\"block is-wp-block core-group\">\n<div class=\"wp-block-group alignfull has-lightgray-background-color has-background is-layout-constrained wp-block-group-is-layout-constrained\"><div class=\"block-container block-acf-booking\"><div class=\"block is-acf-block acf-booking\"><div id=\"boka\" class=\"wp-block-acf-booking\"><div class=\"booking-header\">\n\t\t\t<h2 class=\"booking-header__title\">Buchen Sie einen Platz im Takt\u00e4ltsbyn<\/h2>\n\t\t\t\t<div class=\"booking-header__text\"><p>W\u00e4hlen Sie Ihr Abreise- und Ankunftsdatum im untenstehenden Kalender aus, um die Verf\u00fcgbarkeit von Takt\u00e4ltsbyn zu sehen.<\/p>\n<\/div>\n\t<\/div>\n\n<div class=\"booking-info\">\n\t<ul>\n<li>Buchen Sie ein Dachzelt von Juni bis September.<\/li>\n<li>Wir garantieren nicht ausdr\u00fccklich Pl\u00e4tze und k\u00f6nnen diese bei Bedarf neu zuweisen.<\/li>\n<li>Bringen Sie Ihren eigenen Schlafsack und Ihr eigenes Kissen mit, oder mieten Sie ein Bett-Set mit Bettdecke und Kissen, wenn Sie es sich besonders gem\u00fctlich machen wollen.<\/li>\n<li>Wir empfehlen, einen Hut und Unterw\u00e4sche f\u00fcr k\u00fchle Abende einzupacken.<\/li>\n<\/ul>\n\n<\/div>\n\n\n<div class=\"row\">\n  \t<div class=\"col\">\n  \t\t<!-- This is the \"large\" calendar wrapper -->\n  \t\t<div id=\"CalendarWrapper\" class=\"csob-wrapper w-100\"><\/div>\n  \t<\/div>\n<\/div>\t\n\n<div class=\"row\">\n\t<div class=\"col\">\n\t<!-- This is the cart wrapper -->\n\t<div id=\"CartWrapper\" class=\"csob-wrapper col\"><\/div>\n\t<\/div>\n<\/div>\n\n<div class=\"row\">\n\t<div class=\"col-12 col-md-3\">\n\t\t<!-- This is the filter control wrapper -->\n\t\t<div id=\"ProfileFilterWrapper\" class=\"csob-wrapper\"><\/div>\n\t<\/div>\n\t<div class=\"col-12 col-md-9\">\n\t\t<div class=\"row\">\n\t\t\t<div class=\"col-12\">\n\t\t\t<!-- System, business, access and unhandled error messages are shown in this panel (some business error messages are shown in dialogs) -->\n\t\t\t<div id=\"ErrorPanelWrapper\" class=\"csob-wrapper\"><\/div>\n\t\t\t<!-- This is the \"small\" calendar wrapper -->\n\t\t\t<div id=\"CalendarSmallWrapper\" class=\"csob-wrapper\"><\/div>\n\t\t\t<!-- This is the search result list wrapper -->\n\t\t\t<div id=\"ProfileResultListWrapper\" class=\"csob-wrapper\"><\/div>\n\t\t\t<\/div>\n\t\t<\/div>\n\t<\/div>\n<\/div>\n\n<!-- Load Compusoft Onlinebooking controller scripts -->\n<script src=\"https:\/\/v3.onlinebooking.dk\/csobV2\/csob.controller.min.js\"><\/script>\n<script type='text\/javascript'>\nvar csobController = null;\nvar csobPortalKey = \"e2ccc30e-baf9-4de4-88c3-d0aeac33d802\";\n(function($) {\n\t$(document).ready(function () {\n\t\tvar initOptions = {\n\t\t\tcsobPortalKey: csobPortalKey\n\t\t\t, csobHost: \"https:\/\/v3.onlinebooking.dk\/\"\n\t\t\t, redirectURLOnFeatureNotSupported: \"www.compusoft.dk\"\n\t\t\t, errorPanelWrapper: $(\"#ErrorPanelWrapper\")\n\t\t\t, initialCalendarWrapper: $(\"#CalendarWrapper\")\n\t\t\t, secondaryCalendarWrapper: $(\"#CalendarSmallWrapper\")\n\t\t\t, profileFilterWrapper: $(\"#ProfileFilterWrapper\")\n\t\t\t, profileListWrapper: $(\"#ProfileResultListWrapper\")\n\t\t\t, dealsCarouselWrapper: $(\"#DealsCarouselWrapper\")\n\t\t\t, cartWrapper: $(\"#CartWrapper\")\n\t\t};\n\n\t\t\t\t\tinitOptions.compubookProfileId = 382;\n\t\t\t\t\t\t\tinitOptions.calendarShowAvailability = true;\n\t\t\t\t\t\t\t\t\t\tinitOptions.calendarShowFromPrices = true;\n\t\t\t\t\t\t\t\t\t\tinitOptions.calendarGoToFirstAvailableDate = true;\n\t\t\t\t\t\n\t\t\n\t\tinitOptions.language = \"de\";\n\n\t\t\/\/ Initialize csobController in asynchronous call\n\t\tsetTimeout(function () {\n\t\t\t\/\/ This instance can be use to access the csob.Controller API\n\t\t\tcsobController = new csob.Controller(initOptions);\n\t\t});\n\t});\n})(jQuery);\n<\/script>\n<\/div><\/div><\/div>\n\n<div class=\"block-container block-acf-faq\"><div class=\"block is-acf-block acf-faq\"><div class=\"wp-block-acf-faq\"><div class=\"row\">\n\t\t<div class=\"col-12 text-center\">\n\t\t<h2>Buchungsinformationen<\/h2>\n\t<\/div>\n\t\t\t\t\t\t\t<div class=\"col-12 col-md-6 faq-col\">\n\t\t\t\t<div class=\"faq-question \">\n\t\t\t\t\t<div class=\"faq-question__title\">\n\t\t\t\t\t\t<label>Buchungsbedingungen<\/label>\n\t\t\t\t\t\t<span class=\"material-symbols-outlined question-toggle question-toggle--open active\">add<\/span>\n\t\t\t\t\t\t<span class=\"material-symbols-outlined question-toggle question-toggle--close\">remove<\/span>\n\t\t\t\t\t<\/div>\n\t\t\t\t\t<div class=\"faq-question__answer\">\n\t\t\t\t\t\t<p><span style=\"text-decoration: underline;\"><strong>Preise<\/strong><\/span><\/p>\n<p>Wir wenden saisonale Preise an (Nebensaison, Hochsaison und Hauptsaison). W\u00e4hrend der Mittsommerferien gelten die Preise der Hauptsaison. <\/p>\n<p>Die Preise beinhalten freien Zugang zu den Servicegeb\u00e4uden mit Toiletten, Duschen, K\u00fcche und W\u00e4scherei.<\/p>\n<p><span style=\"text-decoration: underline;\"><strong>Beilage<\/strong><\/span><\/p>\n<p>Sie k\u00f6nnen optionale Extras wie Reinigung, Bettw\u00e4sche und Handt\u00fccher, Kinderbett, Zustellbett, Hochstuhl und Fr\u00fchst\u00fcck buchen. Die aktuellen Preise erfahren Sie auf der Website oder an der Rezeption. <\/p>\n<p><span style=\"text-decoration: underline;\"><strong>Reinigung<\/strong><\/span><\/p>\n<p>Die Endreinigung ist nicht im Preis inbegriffen. Die Unterkunft wird nach der Abreise \u00fcberpr\u00fcft. Wenn die Reinigung nicht genehmigt wird, wird eine Geb\u00fchr erhoben. Reinigungsmaterial ist im Ferienhaus vorhanden.   <\/p>\n<p><strong><span style=\"text-decoration: underline;\">Buchungsbedingungen<\/span><\/strong><\/p>\n<p>Der Mieter ist daf\u00fcr verantwortlich, dass die Unterkunft oder der Stellplatz in gutem Zustand ist und nicht untervermietet werden darf. Nur angegebene G\u00e4ste d\u00fcrfen sich in dem Objekt aufhalten.<br \/>\nPartyzelte, Zelte oder zus\u00e4tzliche Wohnwagen d\u00fcrfen nicht wie andere Fahrzeuge auf dem Platz aufgestellt werden. <\/p>\n<p>\u00dcberpr\u00fcfen Sie, ob die Angaben auf Ihrer Buchungsbest\u00e4tigung korrekt sind. Wenn Sie die Rechnung bezahlen, gehen Sie einen verbindlichen Vertrag ein. Die Buchung ist verbindlich, sobald sie per E-Mail, Brief, m\u00fcndlich oder telefonisch best\u00e4tigt wurde.  <\/p>\n<p>Bei Buchungen, die weniger als 40 Tage vor der Ankunft erfolgen, wird eine Anmeldegeb\u00fchr von 20% f\u00e4llig. Der Restbetrag muss mindestens 40 Tage vor der Ankunft gezahlt werden. Bei sp\u00e4ten Buchungen ist der gesamte Betrag bei der Buchung zu zahlen. Nicht bezahlte Rechnungen f\u00fchren zur Stornierung.   <\/p>\n<p><span style=\"text-decoration: underline;\"><strong>Stornierungsschutz<\/strong><\/span><\/p>\n<p>&#8211; SAFE (SEK 295): Stornierung bis zum Tag vor der Ankunft im Falle von Krankheit (Attest erforderlich).<br \/>\n&#8211; SAFER (SEK 495): Kostenlose Stornierung bis zu 40 Tage vor Ankunft &#8211; kein Zertifikat erforderlich.<br \/>\n&#8211; SAFE (SEK 795): Kostenlose Stornierung bis zu 7 Tage vor Ankunft &#8211; kein Zertifikat erforderlich.<\/p>\n<p>Nach diesen Daten gelten die gleichen Bedingungen wie f\u00fcr S\u00c4KER.<\/p>\n<p>Ohne Stornierungsschutz erfolgt keine R\u00fcckerstattung aus irgendeinem Grund. Stornierungen am selben Tag werden in voller H\u00f6he berechnet. Im Falle eines stornierten Aufenthalts erfolgt keine Erstattung.  <\/p>\n<p><span style=\"text-decoration: underline;\"><strong>H\u00f6here Gewalt<\/strong><\/span><\/p>\n<p>Im Falle einer Naturkatastrophe, eines Krieges, eines l\u00e4ngeren Strom- oder Wasserausfalls oder \u00e4hnlichem haben beide Parteien das Recht, vom Vertrag zur\u00fcckzutreten. <\/p>\n<p><strong><span style=\"text-decoration: underline;\">Feedback &amp; Beschwerden<\/span><\/strong><\/p>\n<p>Im Falle von Problemen wenden Sie sich bitte direkt an die Rezeption. Wir k\u00f6nnen Sie im Nachhinein nicht entsch\u00e4digen, wenn Sie w\u00e4hrend Ihres Aufenthalts keine Beschwerde eingereicht haben. <\/p>\n<p>Wenn der Fall weiterhin besteht, senden Sie uns Ihre Kommentare schriftlich zu oder kontaktieren Sie ARN (arn.se).<\/p>\n\n\t\t\t\t\t<\/div>\n\t\t\t\t<\/div>\n\t\t\t<\/div>\n\t\t\t\t\t<div class=\"col-12 col-md-6 faq-col\">\n\t\t\t\t<div class=\"faq-question \">\n\t\t\t\t\t<div class=\"faq-question__title\">\n\t\t\t\t\t\t<label>Vor Ihrem Aufenthalt<\/label>\n\t\t\t\t\t\t<span class=\"material-symbols-outlined question-toggle question-toggle--open active\">add<\/span>\n\t\t\t\t\t\t<span class=\"material-symbols-outlined question-toggle question-toggle--close\">remove<\/span>\n\t\t\t\t\t<\/div>\n\t\t\t\t\t<div class=\"faq-question__answer\">\n\t\t\t\t\t\t<p><span style=\"text-decoration: underline;\"><strong>Ankunft und Abreise<\/strong><\/span><\/p>\n<p>Sie haben ab 15:00 Uhr am Anreisetag Zugang zu Ihrer H\u00fctte, Ihrem Appartement oder Ihrem Wohnwagen und m\u00fcssen diese bis 11:00 Uhr am Abreisetag verlassen.  <\/p>\n<p>Campingpl\u00e4tze haben Check-in und Check-out bei 12.00.<\/p>\n<p>Wir garantieren keine bestimmte Anzahl von H\u00fctten oder Campingpl\u00e4tzen, behalten uns aber das Recht vor, diese bei Bedarf neu zu vergeben.<\/p>\n<p><strong><span style=\"text-decoration: underline;\">Erlebnisbad<\/span><\/strong><\/p>\n<p>Bei einer Buchung von mindestens 7 N\u00e4chten ist ein Familienticket f\u00fcr den Wasserpark inbegriffen. Zeigen Sie Ihre Buchungsnummer am Pool-Eingang vor. <\/p>\n<p>In der Nebensaison werden erm\u00e4\u00dfigte Preise angeboten. Der Entspannungsbereich hat eine Altersgrenze von 13 Jahren und ist nicht im Eintrittspreis f\u00fcr den Pool enthalten. <\/p>\n<p>Essen und Getr\u00e4nke sind im Schwimmbereich nicht erlaubt.<\/p>\n<p><strong><span style=\"text-decoration: underline;\">Regeln f\u00fcr die Unterbringung<\/span><\/strong><\/p>\n<p>Es ist nicht gestattet, mehr Personen unterzubringen als f\u00fcr die Unterkunft angegeben. Kinder werden als 2-12 Jahre alt gez\u00e4hlt. <\/p>\n<p>Auf einem Campingplatz kann die Unterkunft aus dem gebuchten Gast, seinem Partner und den zu Hause lebenden Kindern bestehen.<\/p>\n<p>Das Mindestalter f\u00fcr die Buchung und das Wohnen ohne einen Erziehungsberechtigten betr\u00e4gt 18 Jahre. Minderj\u00e4hrige m\u00fcssen in der gleichen Unterkunft wie ihr Vormund wohnen. <\/p>\n<p><strong><span style=\"text-decoration: underline;\">Nachtregeln &amp; Parken<\/span><\/strong><\/p>\n<p>Zwischen 23.00-07.00 Uhr muss auf andere G\u00e4ste gr\u00f6\u00dftm\u00f6gliche R\u00fccksicht genommen werden &#8211; es herrscht Ruhe.<br \/>\nW\u00e4hrend dieser Zeit ist kein Autoverkehr in der Gegend erlaubt. Zus\u00e4tzliche Autos werden in ausgewiesenen Bereichen geparkt.  <\/p>\n<p><strong><span style=\"text-decoration: underline;\">Haustiere und Rauchen<\/span><\/strong><\/p>\n<p>Haustiere sind in den meisten Ferienh\u00e4usern willkommen. Mars\u00f6, \u00d6sel 2, Studios, Krok\u00f6, R\u00e5g\u00f6 und Jungfrusk\u00e4r sind haustierfrei. Wir k\u00f6nnen keine allergikerfreundliche Unterkunft garantieren. Alle Tiere m\u00fcssen angeleint sein.<br \/>\nDas Rauchen ist in allen unseren Unterk\u00fcnften verboten &#8211; bei Zuwiderhandlung wird eine Geb\u00fchr von SEK 10.000 erhoben.   <\/p>\n<p><strong><span style=\"text-decoration: underline;\">Festivals und Veranstaltungen<\/span><\/strong><\/p>\n<p>In bestimmten Wochen, wie z.B. Mittsommer (Woche 25) und dem Fischfest (Woche 28), werden in der Region zus\u00e4tzliche Aktivit\u00e4ten organisiert. <\/p>\n\n\t\t\t\t\t<\/div>\n\t\t\t\t<\/div>\n\t\t\t<\/div>\n\t\t\t<\/div>\n\n<\/div><\/div><\/div><\/div>\n<\/div><\/div>\n\n<div class=\"block-container block-core-heading aligncenter\"><div class=\"block is-wp-block core-heading\">\n<h2 class=\"wp-block-heading has-text-align-center\">Was liegt in der N\u00e4he von Takt\u00e4ltsbyn?<\/h2>\n<\/div><\/div>\n\n<div class=\"block-container block-acf-infographics\"><div class=\"block is-acf-block acf-infographics\"><div class=\"wp-block-acf-infographics\">            <div class=\"row justify-content-center\">\n                    <div class=\"infographic col-12 col-md-4\">\n                <div class=\"infographic__content\">\n                    <span class=\"infographic__icon material-symbols-outlined\">\n                        waves\n                    <\/span>\n                    <label class=\"infographic__title h3\">In der N\u00e4he von Wasserparks<\/label>\n                    <div class=\"infographic__text\">Zum Beispiel. Entfernung zum Bad <\/div>\n                <\/div>\n                            <\/div>\n                    <div class=\"infographic col-12 col-md-4\">\n                <div class=\"infographic__content\">\n                    <span class=\"infographic__icon material-symbols-outlined\">\n                        attractions\n                    <\/span>\n                    <label class=\"infographic__title h3\">In der N\u00e4he des Spielplatzes<\/label>\n                    <div class=\"infographic__text\">Zum Beispiel. Entfernung <\/div>\n                <\/div>\n                            <\/div>\n                    <div class=\"infographic col-12 col-md-4\">\n                <div class=\"infographic__content\">\n                    <span class=\"infographic__icon material-symbols-outlined\">\n                        restaurant_menu\n                    <\/span>\n                    <label class=\"infographic__title h3\">Restaurant und Catering<\/label>\n                    <div class=\"infographic__text\">zum Beispiel, welche Restaurants in der N\u00e4he sind<\/div>\n                <\/div>\n                            <\/div>\n                <\/div>\n    \n<\/div><\/div><\/div>\n\n<div class=\"block-container block-acf-group alignfull has-background\"><div class=\"block is-acf-block acf-group\"><div id=\"omradeskarta\" class=\"top-design-wave bottom-design-wave alignfull wp-block-acf-group has-background has-secondary-4-background-color\" id=\"omradeskarta\"><div class=\"acf-innerblocks-container\">\n<div class=\"block-container block-acf-package\"><div class=\"block is-acf-block acf-package\"><div class=\"wp-block-acf-package\"><div class=\"container\">\n\t<div class=\"row packagebox\">\n\t\t<div class=\"col-12\">\n\t\t\t\t\t<\/div>\n\t\t<div class=\"col-12 col-lg-7 col-xl-6 packagebox__info\">\n\t\t\t<h2>Gebiet Karte<\/h2>\n<h3>Finden Sie Ihren Weg in Takt\u00e4ltsbyn: Entdecken Sie die Gegend<\/h3>\n<p>Finden Sie heraus, wo sich Ihr Campingplatz befindet und was Sie um die Ecke erwartet.<\/p>\n<p>Es gibt Ihnen einen \u00dcberblick \u00fcber die Gegend, die N\u00e4he zum Meer, Aktivit\u00e4ten und alles, was Sie w\u00e4hrend Ihres Aufenthalts ben\u00f6tigen.<\/p>\n<p>Im Interesse des Komforts und der Sicherheit aller Beteiligten m\u00fcssen Sie einen gewissen Abstand zu Ihren Nachbarn einhalten. Erfahren Sie mehr \u00fcber die Positionierung und das Parken an Ihrem Standort unter &#8218;Gut zu wissen&#8216;.<\/p>\n\n\t\t\t<div class=\"packageoffer\">\n            <div class=\"packageoffer__iconlist\">\n                    <div class=\"packageoffer__iconlist__item\">\n                <span class=\"material-symbols-outlined\">schedule<\/span> Einchecken und Auschecken unter 12.00\n            <\/div>\n                <\/div>\n            \n                <\/div>\n\t\t\t<div class=\"acf-innerblocks-container\">\n<div class=\"block-container block-core-buttons\"><div class=\"block is-wp-block core-buttons\">\n<div class=\"wp-block-buttons is-layout-flex wp-block-buttons-is-layout-flex\">\n<div class=\"wp-block-button is-style-outline is-style-outline--1\"><a class=\"wp-block-button__link wp-element-button\" href=\"https:\/\/vastervikresort.se\/wp-content\/uploads\/2025\/03\/Karta-2026_stugtyp_taktaltsbyn-1.pdf\" target=\"_blank\" rel=\"noreferrer noopener\">Laden Sie den Lageplan herunter (PDF)<\/a><\/div>\n<\/div>\n<\/div><\/div>\n<\/div>\n\t\t\t\t\t\t\t\t<\/div>\n\t\t<div class=\"col-12 col-lg-5 col-xl-6  hasLargeImage\">\n\t\t\t\t\t\t\t\t\t\t\t\t<style type=\"text\/css\">#bg_xpswpb{background-image:url('\/wp-content\/uploads\/2026\/04\/Karta-2026_stugtyp_taktaltsbyn-5-1192x750-c-center.webp');}@media(max-width:640px){#bg_xpswpb{background-image:url('\/wp-content\/uploads\/2026\/04\/Karta-2026_stugtyp_taktaltsbyn-5-716x450-c-center.webp');}}<\/style>\n\t\t\t\t\t<div id=\"bg_xpswpb\" class=\"packagebox__image\"><\/div>\n\t\t\t\t\t\t\t\t\t<\/div>\n\t<\/div>\n<\/div>\n\n<\/div><\/div><\/div>\n<\/div>\n<\/div><\/div><\/div>\n\n<div class=\"block-container block-core-heading aligncenter\"><div class=\"block is-wp-block core-heading\">\n<h2 class=\"wp-block-heading has-text-align-center\">Mehr Gebiete zur Auswahl<\/h2>\n<\/div><\/div>\n\n<div class=\"block-container block-core-paragraph aligncenter\"><div class=\"block is-wp-block core-paragraph\">\n<p class=\"has-text-align-center wp-block-paragraph\">Alle Bereiche im V\u00e4stervik Resort haben ihre eigene Note. Hier k\u00f6nnen Sie einen Bereich finden, der zu Ihrem Aufenthalt passt, ob Sie nun in der N\u00e4he des Meeres, der Aktivit\u00e4ten oder etwas ruhiger wohnen m\u00f6chten.<\/p>\n<\/div><\/div>\n\n<div class=\"block-container block-acf-cards\"><div class=\"block is-acf-block acf-cards\"><div class=\"wp-block-acf-cards\">\t\t\t<div class=\"row d-flex \">\n\t\t\t\t\t<div class=\"col-12 col-md-6 col-lg-4 mb-25\">\n\t\t\t\t<div class=\"vt_card\">\n            <a class=\"vt_card__link\" href=\"https:\/\/vastervikresort.se\/de\/unterkunft\/ferienhaus-in-vastervik\/ido\/\"><\/a>\n        <div class=\"vt_card__image\">\n        <picture><source data-srcset=\"\/wp-content\/uploads\/2025\/02\/Ido-bild-543x297-c-center.webp 1x\" type=\"image\/webp\"><img data-srcset=\"\/wp-content\/uploads\/2025\/02\/Ido-bild-543x297-c-center.webp\" class=\" lazy\" alt=\"\"><\/picture>\n    <\/div>\n    <div class=\"vt_card__content\">\n        <div class=\"vt_card__content__top\">\n                <div class=\"h3\">Id\u00f6<\/div>\n        <div>\n            Mobilheim mit verglastem Wintergarten.\n                    <\/div>\n        <\/div>\n                <div class=\"vt_card__content__bottom\">\n            <div class=\"wp-block-buttons is-layout-flex wp-block-buttons-is-layout-flex justify-content-end mt-3\">\n                <div class=\"wp-block-button is-style-arrow load-more-button\">\n                    <a href=\"https:\/\/vastervikresort.se\/de\/unterkunft\/ferienhaus-in-vastervik\/ido\/\" class=\"wp-block-button__link wp-element-button has-primary-color has-text-color has-link-color\">Weiterlesen<\/a>\n                <\/div>\n            <\/div>\n        <\/div>\n            <\/div>\n<\/div>\t\t\t<\/div>\n\t\t\t\t\t<div class=\"col-12 col-md-6 col-lg-4 mb-25\">\n\t\t\t\t<div class=\"vt_card\">\n            <a class=\"vt_card__link\" href=\"https:\/\/vastervikresort.se\/de\/unterkunft\/ferienhaus-in-vastervik\/storstugan\/\"><\/a>\n        <div class=\"vt_card__image\">\n        <picture><source data-srcset=\"\/wp-content\/uploads\/2025\/02\/storstugan-stuga-vastervik-543x297-c-center.webp 1x, \/wp-content\/uploads\/2025\/02\/storstugan-stuga-vastervik-1086x594-c-center.webp 2x\" type=\"image\/webp\"><img data-srcset=\"\/wp-content\/uploads\/2025\/02\/storstugan-stuga-vastervik-543x297-c-center.webp\" class=\" lazy\" alt=\"\"><\/picture>\n    <\/div>\n    <div class=\"vt_card__content\">\n        <div class=\"vt_card__content__top\">\n                <div class=\"h3\">Storstugan<\/div>\n        <div>\n            Ger\u00e4umiger Sch\u00e4renklassiker.\n                    <\/div>\n        <\/div>\n                <div class=\"vt_card__content__bottom\">\n            <div class=\"wp-block-buttons is-layout-flex wp-block-buttons-is-layout-flex justify-content-end mt-3\">\n                <div class=\"wp-block-button is-style-arrow load-more-button\">\n                    <a href=\"https:\/\/vastervikresort.se\/de\/unterkunft\/ferienhaus-in-vastervik\/storstugan\/\" class=\"wp-block-button__link wp-element-button has-primary-color has-text-color has-link-color\">Weiterlesen<\/a>\n                <\/div>\n            <\/div>\n        <\/div>\n            <\/div>\n<\/div>\t\t\t<\/div>\n\t\t\t\t\t<div class=\"col-12 col-md-6 col-lg-4 mb-25\">\n\t\t\t\t<div class=\"vt_card\">\n            <a class=\"vt_card__link\" href=\"https:\/\/vastervikresort.se\/de\/unterkunft\/ferienhaus-in-vastervik\/lillstugan\/\"><\/a>\n        <div class=\"vt_card__image\">\n        <picture><source data-srcset=\"\/wp-content\/uploads\/2025\/02\/lillstuga-stuga-vastervik-543x297-c-center.webp 1x, \/wp-content\/uploads\/2025\/02\/lillstuga-stuga-vastervik-1086x594-c-center.webp 2x\" type=\"image\/webp\"><img data-srcset=\"\/wp-content\/uploads\/2025\/02\/lillstuga-stuga-vastervik-543x297-c-center.webp\" class=\" lazy\" alt=\"\"><\/picture>\n    <\/div>\n    <div class=\"vt_card__content\">\n        <div class=\"vt_card__content__top\">\n                <div class=\"h3\">Lillstugan<\/div>\n        <div>\n            Sch\u00e4ren-Klassiker in Reinkultur.\n                    <\/div>\n        <\/div>\n                <div class=\"vt_card__content__bottom\">\n            <div class=\"wp-block-buttons is-layout-flex wp-block-buttons-is-layout-flex justify-content-end mt-3\">\n                <div class=\"wp-block-button is-style-arrow load-more-button\">\n                    <a href=\"https:\/\/vastervikresort.se\/de\/unterkunft\/ferienhaus-in-vastervik\/lillstugan\/\" class=\"wp-block-button__link wp-element-button has-primary-color has-text-color has-link-color\">Weiterlesen<\/a>\n                <\/div>\n            <\/div>\n        <\/div>\n            <\/div>\n<\/div>\t\t\t<\/div>\n\t\t\t\t<\/div>\n\t\n<\/div><\/div><\/div>","protected":false},"template":"","class_list":["post-41702","cabins","type-cabins","status-publish","hentry","cabin_facts-10-m2","cabin_facts-100-meter-zu-dienstleistungen","cabin_facts-2-betten","cabin_facts-2-erwachsene-2-kinder","cabin_facts-230-x-200-cm","cabin_facts-3-betten","cabin_facts-3-erwachsene","cabin_facts-haustiere-sind-nicht-erlaubt"],"acf":[],"yoast_head":"<!-- This site is optimized with the Yoast SEO plugin v28.3 - https:\/\/yoast.com\/product\/yoast-seo-wordpress\/ -->\n<title>Abenteuer Unterkunft: Dachzelt I V\u00e4stervik Resort<\/title>\n<meta name=\"description\" content=\"Erleben Sie die Natur zwischen Kiefern und Felsen in einer erh\u00f6hten Zeltunterkunft, die Abenteuerlust mit durchdachtem Komfort verbindet.\" \/>\n<meta name=\"robots\" content=\"index, follow, max-snippet:-1, max-image-preview:large, max-video-preview:-1\" \/>\n<link rel=\"canonical\" href=\"https:\/\/vastervikresort.se\/de\/unterkunft\/ferienhaus-in-vastervik\/abenteuer-unterkunft-taktaeltsbyn\/\" \/>\n<meta property=\"og:locale\" content=\"de_DE\" \/>\n<meta property=\"og:type\" content=\"article\" \/>\n<meta property=\"og:title\" content=\"Abenteuer Unterkunft: Dachzelt I V\u00e4stervik Resort\" \/>\n<meta property=\"og:description\" content=\"Erleben Sie die Natur zwischen Kiefern und Felsen in einer erh\u00f6hten Zeltunterkunft, die Abenteuerlust mit durchdachtem Komfort verbindet.\" \/>\n<meta property=\"og:url\" content=\"https:\/\/vastervikresort.se\/de\/unterkunft\/ferienhaus-in-vastervik\/abenteuer-unterkunft-taktaeltsbyn\/\" \/>\n<meta property=\"og:site_name\" content=\"V\u00e4stervikResort\" \/>\n<meta property=\"article:modified_time\" content=\"2026-04-21T12:14:39+00:00\" \/>\n<meta name=\"twitter:card\" content=\"summary_large_image\" \/>\n<meta name=\"twitter:label1\" content=\"Gesch\u00e4tzte Lesezeit\" \/>\n\t<meta name=\"twitter:data1\" content=\"6\u00a0Minuten\" \/>\n<script type=\"application\/ld+json\" class=\"yoast-schema-graph\">{\"@context\":\"https:\\\/\\\/schema.org\",\"@graph\":[{\"@type\":\"WebPage\",\"@id\":\"https:\\\/\\\/vastervikresort.se\\\/de\\\/unterkunft\\\/ferienhaus-in-vastervik\\\/abenteuer-unterkunft-taktaeltsbyn\\\/\",\"url\":\"https:\\\/\\\/vastervikresort.se\\\/de\\\/unterkunft\\\/ferienhaus-in-vastervik\\\/abenteuer-unterkunft-taktaeltsbyn\\\/\",\"name\":\"Abenteuer Unterkunft: Dachzelt I V\u00e4stervik Resort\",\"isPartOf\":{\"@id\":\"https:\\\/\\\/vastervikresort.se\\\/de\\\/#website\"},\"datePublished\":\"2026-04-13T06:07:25+00:00\",\"dateModified\":\"2026-04-21T12:14:39+00:00\",\"description\":\"Erleben Sie die Natur zwischen Kiefern und Felsen in einer erh\u00f6hten Zeltunterkunft, die Abenteuerlust mit durchdachtem Komfort verbindet.\",\"breadcrumb\":{\"@id\":\"https:\\\/\\\/vastervikresort.se\\\/de\\\/unterkunft\\\/ferienhaus-in-vastervik\\\/abenteuer-unterkunft-taktaeltsbyn\\\/#breadcrumb\"},\"inLanguage\":\"de\",\"potentialAction\":[{\"@type\":\"ReadAction\",\"target\":[\"https:\\\/\\\/vastervikresort.se\\\/de\\\/unterkunft\\\/ferienhaus-in-vastervik\\\/abenteuer-unterkunft-taktaeltsbyn\\\/\"]}]},{\"@type\":\"BreadcrumbList\",\"@id\":\"https:\\\/\\\/vastervikresort.se\\\/de\\\/unterkunft\\\/ferienhaus-in-vastervik\\\/abenteuer-unterkunft-taktaeltsbyn\\\/#breadcrumb\",\"itemListElement\":[{\"@type\":\"ListItem\",\"position\":1,\"name\":\"Home\",\"item\":\"https:\\\/\\\/vastervikresort.se\\\/de\\\/\"},{\"@type\":\"ListItem\",\"position\":2,\"name\":\"Abenteuer Unterkunft &#8211; Takt\u00e4ltsbyn\"}]},{\"@type\":\"WebSite\",\"@id\":\"https:\\\/\\\/vastervikresort.se\\\/de\\\/#website\",\"url\":\"https:\\\/\\\/vastervikresort.se\\\/de\\\/\",\"name\":\"V\u00e4stervikResort\",\"description\":\"\",\"potentialAction\":[{\"@type\":\"SearchAction\",\"target\":{\"@type\":\"EntryPoint\",\"urlTemplate\":\"https:\\\/\\\/vastervikresort.se\\\/de\\\/?s={search_term_string}\"},\"query-input\":{\"@type\":\"PropertyValueSpecification\",\"valueRequired\":true,\"valueName\":\"search_term_string\"}}],\"inLanguage\":\"de\"}]}<\/script>\n<!-- \/ Yoast SEO plugin. -->","yoast_head_json":{"title":"Abenteuer Unterkunft: Dachzelt I V\u00e4stervik Resort","description":"Erleben Sie die Natur zwischen Kiefern und Felsen in einer erh\u00f6hten Zeltunterkunft, die Abenteuerlust mit durchdachtem Komfort verbindet.","robots":{"index":"index","follow":"follow","max-snippet":"max-snippet:-1","max-image-preview":"max-image-preview:large","max-video-preview":"max-video-preview:-1"},"canonical":"https:\/\/vastervikresort.se\/de\/unterkunft\/ferienhaus-in-vastervik\/abenteuer-unterkunft-taktaeltsbyn\/","og_locale":"de_DE","og_type":"article","og_title":"Abenteuer Unterkunft: Dachzelt I V\u00e4stervik Resort","og_description":"Erleben Sie die Natur zwischen Kiefern und Felsen in einer erh\u00f6hten Zeltunterkunft, die Abenteuerlust mit durchdachtem Komfort verbindet.","og_url":"https:\/\/vastervikresort.se\/de\/unterkunft\/ferienhaus-in-vastervik\/abenteuer-unterkunft-taktaeltsbyn\/","og_site_name":"V\u00e4stervikResort","article_modified_time":"2026-04-21T12:14:39+00:00","twitter_card":"summary_large_image","twitter_misc":{"Gesch\u00e4tzte Lesezeit":"6\u00a0Minuten"},"schema":{"@context":"https:\/\/schema.org","@graph":[{"@type":"WebPage","@id":"https:\/\/vastervikresort.se\/de\/unterkunft\/ferienhaus-in-vastervik\/abenteuer-unterkunft-taktaeltsbyn\/","url":"https:\/\/vastervikresort.se\/de\/unterkunft\/ferienhaus-in-vastervik\/abenteuer-unterkunft-taktaeltsbyn\/","name":"Abenteuer Unterkunft: Dachzelt I V\u00e4stervik Resort","isPartOf":{"@id":"https:\/\/vastervikresort.se\/de\/#website"},"datePublished":"2026-04-13T06:07:25+00:00","dateModified":"2026-04-21T12:14:39+00:00","description":"Erleben Sie die Natur zwischen Kiefern und Felsen in einer erh\u00f6hten Zeltunterkunft, die Abenteuerlust mit durchdachtem Komfort verbindet.","breadcrumb":{"@id":"https:\/\/vastervikresort.se\/de\/unterkunft\/ferienhaus-in-vastervik\/abenteuer-unterkunft-taktaeltsbyn\/#breadcrumb"},"inLanguage":"de","potentialAction":[{"@type":"ReadAction","target":["https:\/\/vastervikresort.se\/de\/unterkunft\/ferienhaus-in-vastervik\/abenteuer-unterkunft-taktaeltsbyn\/"]}]},{"@type":"BreadcrumbList","@id":"https:\/\/vastervikresort.se\/de\/unterkunft\/ferienhaus-in-vastervik\/abenteuer-unterkunft-taktaeltsbyn\/#breadcrumb","itemListElement":[{"@type":"ListItem","position":1,"name":"Home","item":"https:\/\/vastervikresort.se\/de\/"},{"@type":"ListItem","position":2,"name":"Abenteuer Unterkunft &#8211; Takt\u00e4ltsbyn"}]},{"@type":"WebSite","@id":"https:\/\/vastervikresort.se\/de\/#website","url":"https:\/\/vastervikresort.se\/de\/","name":"V\u00e4stervikResort","description":"","potentialAction":[{"@type":"SearchAction","target":{"@type":"EntryPoint","urlTemplate":"https:\/\/vastervikresort.se\/de\/?s={search_term_string}"},"query-input":{"@type":"PropertyValueSpecification","valueRequired":true,"valueName":"search_term_string"}}],"inLanguage":"de"}]}},"publishpress_future_workflow_manual_trigger":{"enabledWorkflows":[]},"_links":{"self":[{"href":"https:\/\/vastervikresort.se\/de\/wp-json\/wp\/v2\/cabins\/41702","targetHints":{"allow":["GET"]}}],"collection":[{"href":"https:\/\/vastervikresort.se\/de\/wp-json\/wp\/v2\/cabins"}],"about":[{"href":"https:\/\/vastervikresort.se\/de\/wp-json\/wp\/v2\/types\/cabins"}],"version-history":[{"count":22,"href":"https:\/\/vastervikresort.se\/de\/wp-json\/wp\/v2\/cabins\/41702\/revisions"}],"predecessor-version":[{"id":42710,"href":"https:\/\/vastervikresort.se\/de\/wp-json\/wp\/v2\/cabins\/41702\/revisions\/42710"}],"wp:attachment":[{"href":"https:\/\/vastervikresort.se\/de\/wp-json\/wp\/v2\/media?parent=41702"}],"curies":[{"name":"wp","href":"https:\/\/api.w.org\/{rel}","templated":true}]}}